{"id":5288,"date":"2025-07-10T11:55:36","date_gmt":"2025-07-10T16:55:36","guid":{"rendered":"https:\/\/alfabetovisual.com\/?page_id=5288"},"modified":"2025-08-03T19:42:35","modified_gmt":"2025-08-04T00:42:35","slug":"figma","status":"publish","type":"page","link":"https:\/\/alfabetovisual.com\/en\/figma\/","title":{"rendered":"Taller: Dise\u00f1o y prototipado en Figma"},"content":{"rendered":"<p>MODALIDAD VIRTUAL<\/p>\n\n\n\n<div class=\"sharethis-inline-share-buttons\" ><\/div>\n\n\n\n<figure class=\"wp-block-image size-full\"><a href=\"https:\/\/alfabetovisual.com\/wp-content\/uploads\/2025\/07\/figma-768x226-1.jpg\" data-rel=\"lightbox-image-0\" data-rl_title=\"\" data-rl_caption=\"\" title=\"\"><img loading=\"lazy\" decoding=\"async\" width=\"768\" height=\"226\" src=\"https:\/\/alfabetovisual.com\/wp-content\/uploads\/2025\/07\/figma-768x226-1.jpg\" alt=\"\" class=\"wp-image-5622\" srcset=\"https:\/\/alfabetovisual.com\/wp-content\/uploads\/2025\/07\/figma-768x226-1.jpg 768w, https:\/\/alfabetovisual.com\/wp-content\/uploads\/2025\/07\/figma-768x226-1-300x88.jpg 300w, https:\/\/alfabetovisual.com\/wp-content\/uploads\/2025\/07\/figma-768x226-1-18x5.jpg 18w, https:\/\/alfabetovisual.com\/wp-content\/uploads\/2025\/07\/figma-768x226-1-550x162.jpg 550w, https:\/\/alfabetovisual.com\/wp-content\/uploads\/2025\/07\/figma-768x226-1-160x47.jpg 160w\" sizes=\"(max-width: 768px) 100vw, 768px\" \/><\/a><\/figure>\n\n\n\n<div style=\"height:26px\" aria-hidden=\"true\" class=\"wp-block-spacer\"><\/div>\n\n\n\n<div class=\"wp-block-columns is-layout-flex wp-container-core-columns-is-layout-1 wp-block-columns-is-layout-flex\">\n<div class=\"wp-block-column is-layout-flow wp-block-column-is-layout-flow\"><\/div>\n\n\n\n<div class=\"wp-block-column is-layout-flow wp-block-column-is-layout-flow\">\n<div class=\"wp-block-buttons is-content-justification-center is-layout-flex wp-container-core-buttons-is-layout-1 wp-block-buttons-is-layout-flex\">\n<div class=\"wp-block-button av-button\"><a class=\"wp-block-button__link wp-element-button\" href=\"https:\/\/rebrand.ly\/5vkpbzn\" target=\"_blank\" rel=\"noreferrer noopener\">REGISTRARME<\/a><\/div>\n<\/div>\n<\/div>\n\n\n\n<div class=\"wp-block-column is-layout-flow wp-block-column-is-layout-flow\"><\/div>\n<\/div>\n\n\n\n<p>Bienvenidos al Taller de Figma, donde aprenderemos a transformar ideas en realidades tangibles a trav\u00e9s del dise\u00f1o de prototipos de productos digitales. Este taller est\u00e1 dise\u00f1ado para todos aquellos interesados en el mundo del dise\u00f1o, ya sean principiantes o con algo de experiencia, que deseen adquirir habilidades pr\u00e1cticas en el uso de Figma, una de las herramientas de dise\u00f1o colaborativo m\u00e1s potentes y populares en la industria.<\/p>\n\n\n\n<p>Durante las pr\u00f3ximas 4 semanas, nos reuniremos 4 horas a la semana para explorar desde los fundamentos del dise\u00f1o de interfaces hasta la creaci\u00f3n de prototipos interactivos. Aprenderemos a utilizar herramientas clave, implementar principios de dise\u00f1o efectivos y crear experiencias de usuario memorables.<\/p>\n\n\n\n<p><strong>Objetivos del Taller:<\/strong><\/p>\n\n\n\n<ul>\n<li>Familiarizarse con la interfaz y las herramientas de Figma.<\/li>\n\n\n\n<li>Comprender los principios del dise\u00f1o de interfaces y la experiencia del usuario.<\/li>\n\n\n\n<li>Desarrollar habilidades para crear componentes reutilizables y dise\u00f1os responsivos.<\/li>\n\n\n\n<li>Dise\u00f1ar y prototipar una aplicaci\u00f3n o producto digital completo, listo para presentar y recibir retroalimentaci\u00f3n.<\/li>\n<\/ul>\n\n\n\n<div class=\"wp-block-columns is-layout-flex wp-container-core-columns-is-layout-2 wp-block-columns-is-layout-flex\">\n<div class=\"wp-block-column is-layout-flow wp-block-column-is-layout-flow\"><\/div>\n\n\n\n<div class=\"wp-block-column is-layout-flow wp-block-column-is-layout-flow\">\n<div class=\"wp-block-buttons is-content-justification-center is-layout-flex wp-container-core-buttons-is-layout-2 wp-block-buttons-is-layout-flex\">\n<div class=\"wp-block-button av-button\"><a class=\"wp-block-button__link wp-element-button\" href=\"https:\/\/rebrand.ly\/raqhqjo\" target=\"_blank\" rel=\"noreferrer noopener\">DESCARGAR EN PDF<\/a><\/div>\n<\/div>\n<\/div>\n\n\n\n<div class=\"wp-block-column is-layout-flow wp-block-column-is-layout-flow\"><\/div>\n<\/div>\n\n\n\n<p><strong>Duraci\u00f3n y horarios<\/strong><\/p>\n\n\n\n<ul>\n<li>4 Semanas (8 clases)<\/li>\n\n\n\n<li>Martes y jueves de 8 p.m. a 9:30 p.m.<\/li>\n<\/ul>\n\n\n\n<p class=\"has-medium-font-size\"><strong>Semana 1: Introducci\u00f3n a Figma y Conceptos B\u00e1sicos<\/strong><\/p>\n\n\n\n<div class=\"wp-block-columns is-layout-flex wp-container-core-columns-is-layout-3 wp-block-columns-is-layout-flex\">\n<div class=\"wp-block-column is-layout-flow wp-block-column-is-layout-flow\">\n<p><strong>D\u00eda 1:<\/strong> <strong>Introducci\u00f3n a Figma<\/strong><\/p>\n\n\n\n<figure class=\"wp-block-image size-full\"><a href=\"https:\/\/alfabetovisual.com\/wp-content\/uploads\/2025\/07\/dia-1.jpg\" data-rel=\"lightbox-image-1\" data-rl_title=\"\" data-rl_caption=\"\" title=\"\"><img loading=\"lazy\" decoding=\"async\" width=\"413\" height=\"196\" src=\"https:\/\/alfabetovisual.com\/wp-content\/uploads\/2025\/07\/dia-1.jpg\" alt=\"\" class=\"wp-image-5627\" srcset=\"https:\/\/alfabetovisual.com\/wp-content\/uploads\/2025\/07\/dia-1.jpg 413w, https:\/\/alfabetovisual.com\/wp-content\/uploads\/2025\/07\/dia-1-300x142.jpg 300w, https:\/\/alfabetovisual.com\/wp-content\/uploads\/2025\/07\/dia-1-18x9.jpg 18w, https:\/\/alfabetovisual.com\/wp-content\/uploads\/2025\/07\/dia-1-160x76.jpg 160w\" sizes=\"(max-width: 413px) 100vw, 413px\" \/><\/a><\/figure>\n\n\n\n<ul>\n<li>Registro y configuraci\u00f3n de la cuenta.<\/li>\n\n\n\n<li>Navegaci\u00f3n por la interfaz de Figma.<\/li>\n\n\n\n<li>Herramientas b\u00e1sicas: creaci\u00f3n de formas, textos y uso de capas.<\/li>\n<\/ul>\n<\/div>\n\n\n\n<div class=\"wp-block-column is-layout-flow wp-block-column-is-layout-flow\">\n<p><strong>D\u00eda 2:<\/strong> <strong>Dise\u00f1o de Interfaz de Usuario (UI)<\/strong><\/p>\n\n\n\n<figure class=\"wp-block-image size-full\"><a href=\"https:\/\/alfabetovisual.com\/wp-content\/uploads\/2025\/07\/dia-2.jpg\" data-rel=\"lightbox-image-2\" data-rl_title=\"\" data-rl_caption=\"\" title=\"\"><img loading=\"lazy\" decoding=\"async\" width=\"413\" height=\"196\" src=\"https:\/\/alfabetovisual.com\/wp-content\/uploads\/2025\/07\/dia-2.jpg\" alt=\"\" class=\"wp-image-5628\" srcset=\"https:\/\/alfabetovisual.com\/wp-content\/uploads\/2025\/07\/dia-2.jpg 413w, https:\/\/alfabetovisual.com\/wp-content\/uploads\/2025\/07\/dia-2-300x142.jpg 300w, https:\/\/alfabetovisual.com\/wp-content\/uploads\/2025\/07\/dia-2-18x9.jpg 18w, https:\/\/alfabetovisual.com\/wp-content\/uploads\/2025\/07\/dia-2-160x76.jpg 160w\" sizes=\"(max-width: 413px) 100vw, 413px\" \/><\/a><\/figure>\n\n\n\n<ul>\n<li>Principios de dise\u00f1o: color, tipograf\u00eda y espacio.<\/li>\n\n\n\n<li>Creaci\u00f3n de un dise\u00f1o de interfaz b\u00e1sico (pantalla de inicio de una aplicaci\u00f3n).<\/li>\n<\/ul>\n<\/div>\n<\/div>\n\n\n\n<p class=\"has-medium-font-size\"><strong>Semana 2: Ampliaci\u00f3n de Habilidades<\/strong><\/p>\n\n\n\n<div class=\"wp-block-columns is-layout-flex wp-container-core-columns-is-layout-4 wp-block-columns-is-layout-flex\">\n<div class=\"wp-block-column is-layout-flow wp-block-column-is-layout-flow\">\n<p><strong>D\u00eda 3<\/strong>: <strong>Componentes y Estilos<\/strong><\/p>\n\n\n\n<figure class=\"wp-block-image size-full\"><a href=\"https:\/\/alfabetovisual.com\/wp-content\/uploads\/2025\/07\/dia-3.jpg\" data-rel=\"lightbox-image-3\" data-rl_title=\"\" data-rl_caption=\"\" title=\"\"><img loading=\"lazy\" decoding=\"async\" width=\"413\" height=\"196\" src=\"https:\/\/alfabetovisual.com\/wp-content\/uploads\/2025\/07\/dia-3.jpg\" alt=\"\" class=\"wp-image-5629\" srcset=\"https:\/\/alfabetovisual.com\/wp-content\/uploads\/2025\/07\/dia-3.jpg 413w, https:\/\/alfabetovisual.com\/wp-content\/uploads\/2025\/07\/dia-3-300x142.jpg 300w, https:\/\/alfabetovisual.com\/wp-content\/uploads\/2025\/07\/dia-3-18x9.jpg 18w, https:\/\/alfabetovisual.com\/wp-content\/uploads\/2025\/07\/dia-3-160x76.jpg 160w\" sizes=\"(max-width: 413px) 100vw, 413px\" \/><\/a><\/figure>\n\n\n\n<ul>\n<li>Creaci\u00f3n de componentes reutilizables (botones, campos de texto).<\/li>\n\n\n\n<li>Uso de estilos compartidos (colores y tipograf\u00edas).<\/li>\n<\/ul>\n<\/div>\n\n\n\n<div class=\"wp-block-column is-layout-flow wp-block-column-is-layout-flow\">\n<p><strong>D\u00eda 4<\/strong>: <strong>Dise\u00f1o Responsivo<\/strong><\/p>\n\n\n\n<figure class=\"wp-block-image size-full\"><a href=\"https:\/\/alfabetovisual.com\/wp-content\/uploads\/2025\/07\/dia-4.jpg\" data-rel=\"lightbox-image-4\" data-rl_title=\"\" data-rl_caption=\"\" title=\"\"><img loading=\"lazy\" decoding=\"async\" width=\"413\" height=\"196\" src=\"https:\/\/alfabetovisual.com\/wp-content\/uploads\/2025\/07\/dia-4.jpg\" alt=\"\" class=\"wp-image-5630\" srcset=\"https:\/\/alfabetovisual.com\/wp-content\/uploads\/2025\/07\/dia-4.jpg 413w, https:\/\/alfabetovisual.com\/wp-content\/uploads\/2025\/07\/dia-4-300x142.jpg 300w, https:\/\/alfabetovisual.com\/wp-content\/uploads\/2025\/07\/dia-4-18x9.jpg 18w, https:\/\/alfabetovisual.com\/wp-content\/uploads\/2025\/07\/dia-4-160x76.jpg 160w\" sizes=\"(max-width: 413px) 100vw, 413px\" \/><\/a><\/figure>\n\n\n\n<ul>\n<li>T\u00e9cnicas para dise\u00f1ar para diferentes dispositivos (m\u00f3vil y tablet).<\/li>\n\n\n\n<li>Creaci\u00f3n de un dise\u00f1o adaptativo.<\/li>\n<\/ul>\n<\/div>\n<\/div>\n\n\n\n<p class=\"has-medium-font-size\"><strong>Semana 3: Prototipado y Interactividad<\/strong><\/p>\n\n\n\n<div class=\"wp-block-columns is-layout-flex wp-container-core-columns-is-layout-5 wp-block-columns-is-layout-flex\">\n<div class=\"wp-block-column is-layout-flow wp-block-column-is-layout-flow\">\n<p><strong>D\u00eda 5: Prototipado B\u00e1sico<\/strong><\/p>\n\n\n\n<figure class=\"wp-block-image size-full\"><a href=\"https:\/\/alfabetovisual.com\/wp-content\/uploads\/2025\/07\/dia-5.jpg\" data-rel=\"lightbox-image-5\" data-rl_title=\"\" data-rl_caption=\"\" title=\"\"><img loading=\"lazy\" decoding=\"async\" width=\"413\" height=\"196\" src=\"https:\/\/alfabetovisual.com\/wp-content\/uploads\/2025\/07\/dia-5.jpg\" alt=\"\" class=\"wp-image-5631\" srcset=\"https:\/\/alfabetovisual.com\/wp-content\/uploads\/2025\/07\/dia-5.jpg 413w, https:\/\/alfabetovisual.com\/wp-content\/uploads\/2025\/07\/dia-5-300x142.jpg 300w, https:\/\/alfabetovisual.com\/wp-content\/uploads\/2025\/07\/dia-5-18x9.jpg 18w, https:\/\/alfabetovisual.com\/wp-content\/uploads\/2025\/07\/dia-5-160x76.jpg 160w\" sizes=\"(max-width: 413px) 100vw, 413px\" \/><\/a><\/figure>\n\n\n\n<ul>\n<li>Introducci\u00f3n al modo prototipo.<\/li>\n\n\n\n<li>Creaci\u00f3n de enlaces y transiciones entre pantallas.<\/li>\n<\/ul>\n<\/div>\n\n\n\n<div class=\"wp-block-column is-layout-flow wp-block-column-is-layout-flow\">\n<p><strong>D\u00eda 6: Interactividad Avanzada<\/strong><\/p>\n\n\n\n<figure class=\"wp-block-image size-full\"><a href=\"https:\/\/alfabetovisual.com\/wp-content\/uploads\/2025\/07\/dia-6.jpg\" data-rel=\"lightbox-image-6\" data-rl_title=\"\" data-rl_caption=\"\" title=\"\"><img loading=\"lazy\" decoding=\"async\" width=\"413\" height=\"196\" src=\"https:\/\/alfabetovisual.com\/wp-content\/uploads\/2025\/07\/dia-6.jpg\" alt=\"\" class=\"wp-image-5632\" srcset=\"https:\/\/alfabetovisual.com\/wp-content\/uploads\/2025\/07\/dia-6.jpg 413w, https:\/\/alfabetovisual.com\/wp-content\/uploads\/2025\/07\/dia-6-300x142.jpg 300w, https:\/\/alfabetovisual.com\/wp-content\/uploads\/2025\/07\/dia-6-18x9.jpg 18w, https:\/\/alfabetovisual.com\/wp-content\/uploads\/2025\/07\/dia-6-160x76.jpg 160w\" sizes=\"(max-width: 413px) 100vw, 413px\" \/><\/a><\/figure>\n\n\n\n<ul>\n<li>A\u00f1adir microinteracciones y animaciones.<\/li>\n\n\n\n<li>Uso de variables y estados en el prototipo.<\/li>\n<\/ul>\n<\/div>\n<\/div>\n\n\n\n<p class=\"has-medium-font-size\"><strong>Semana 4: Presentaci\u00f3n y Feedback<\/strong><\/p>\n\n\n\n<div class=\"wp-block-columns is-layout-flex wp-container-core-columns-is-layout-6 wp-block-columns-is-layout-flex\">\n<div class=\"wp-block-column is-layout-flow wp-block-column-is-layout-flow\">\n<p><strong>D\u00eda 7: Pruebas de Usabilidad<\/strong><\/p>\n\n\n\n<figure class=\"wp-block-image size-full\"><a href=\"https:\/\/alfabetovisual.com\/wp-content\/uploads\/2025\/07\/dia-7.jpg\" data-rel=\"lightbox-image-7\" data-rl_title=\"\" data-rl_caption=\"\" title=\"\"><img loading=\"lazy\" decoding=\"async\" width=\"413\" height=\"196\" src=\"https:\/\/alfabetovisual.com\/wp-content\/uploads\/2025\/07\/dia-7.jpg\" alt=\"\" class=\"wp-image-5633\" srcset=\"https:\/\/alfabetovisual.com\/wp-content\/uploads\/2025\/07\/dia-7.jpg 413w, https:\/\/alfabetovisual.com\/wp-content\/uploads\/2025\/07\/dia-7-300x142.jpg 300w, https:\/\/alfabetovisual.com\/wp-content\/uploads\/2025\/07\/dia-7-18x9.jpg 18w, https:\/\/alfabetovisual.com\/wp-content\/uploads\/2025\/07\/dia-7-160x76.jpg 160w\" sizes=\"(max-width: 413px) 100vw, 413px\" \/><\/a><\/figure>\n\n\n\n<ul>\n<li>M\u00e9todos para realizar pruebas de usuario.<\/li>\n\n\n\n<li>Obtenci\u00f3n de feedback sobre el prototipo.<\/li>\n<\/ul>\n<\/div>\n\n\n\n<div class=\"wp-block-column is-layout-flow wp-block-column-is-layout-flow\">\n<p><strong>D\u00eda 8: Presentaci\u00f3n Final<\/strong><\/p>\n\n\n\n<figure class=\"wp-block-image size-full\"><a href=\"https:\/\/alfabetovisual.com\/wp-content\/uploads\/2025\/07\/dia-8.jpg\" data-rel=\"lightbox-image-8\" data-rl_title=\"\" data-rl_caption=\"\" title=\"\"><img loading=\"lazy\" decoding=\"async\" width=\"413\" height=\"196\" src=\"https:\/\/alfabetovisual.com\/wp-content\/uploads\/2025\/07\/dia-8.jpg\" alt=\"\" class=\"wp-image-5634\" srcset=\"https:\/\/alfabetovisual.com\/wp-content\/uploads\/2025\/07\/dia-8.jpg 413w, https:\/\/alfabetovisual.com\/wp-content\/uploads\/2025\/07\/dia-8-300x142.jpg 300w, https:\/\/alfabetovisual.com\/wp-content\/uploads\/2025\/07\/dia-8-18x9.jpg 18w, https:\/\/alfabetovisual.com\/wp-content\/uploads\/2025\/07\/dia-8-160x76.jpg 160w\" sizes=\"(max-width: 413px) 100vw, 413px\" \/><\/a><\/figure>\n\n\n\n<ul>\n<li>Preparaci\u00f3n y pr\u00e1ctica de la presentaci\u00f3n del prototipo.<\/li>\n\n\n\n<li>Presentaci\u00f3n final y discusiones sobre el feedback recibido.<\/li>\n<\/ul>\n<\/div>\n<\/div>\n\n\n\n<p>Al final de este taller, no solo tendr\u00e1s un prototipo funcional en tus manos, sino que tambi\u00e9n contar\u00e1s con las habilidades necesarias para seguir creando y mejorando tus dise\u00f1os en el futuro. \u00a1Prep\u00e1rate para una experiencia de aprendizaje emocionante y creativa!<\/p>\n\n\n\n<p><strong>Costo del Taller<\/strong><\/p>\n\n\n\n<ul>\n<li>El costo del taller es S\/.380, que incluye: <\/li>\n\n\n\n<li>Acceso a 8 sesiones en vivo y materiales digitales.<\/li>\n\n\n\n<li>2 Mentorias finalizado el taller para su prototipo final<\/li>\n\n\n\n<li>Acceso a aula en l\u00ednea Classroom<\/li>\n\n\n\n<li>Acceso a grupo de Whatsapp para seguimiento<\/li>\n\n\n\n<li>Acceso a clases grabadas<\/li>\n<\/ul>\n\n\n\n<p><strong>Inicio<\/strong> <strong>de Clases<\/strong><\/p>\n\n\n\n<ul>\n<li>Martes 12 de Agosto<\/li>\n<\/ul>\n\n\n\n<p><strong>M\u00e9todos de Pago<\/strong><\/p>\n\n\n\n<ul>\n<li>Dep\u00f3sito en cuenta corriente: Alfabeto Visual Design Company SAC <\/li>\n\n\n\n<li>BCP SOLES: 1934713696089<\/li>\n\n\n\n<li>CCI 00219300471369608916<\/li>\n\n\n\n<li>Yape: 908 843 489<\/li>\n<\/ul>\n\n\n\n<p><\/p>\n\n\n\n<div class=\"wp-block-columns is-layout-flex wp-container-core-columns-is-layout-7 wp-block-columns-is-layout-flex\">\n<div class=\"wp-block-column is-layout-flow wp-block-column-is-layout-flow\" style=\"flex-basis:25%\"><\/div>\n\n\n\n<div class=\"wp-block-column is-layout-flow wp-block-column-is-layout-flow\" style=\"flex-basis:50%\">\n<div class=\"wp-block-buttons av-button is-content-justification-center is-layout-flex wp-container-core-buttons-is-layout-3 wp-block-buttons-is-layout-flex\">\n<div class=\"wp-block-button\"><a class=\"wp-block-button__link wp-element-button\" href=\"https:\/\/rebrand.ly\/bmsy7tg\" target=\"_blank\" rel=\"noreferrer noopener\">T\u00c9RMINOS Y CONDICIONES<\/a><\/div>\n<\/div>\n<\/div>\n\n\n\n<div class=\"wp-block-column is-layout-flow wp-block-column-is-layout-flow\" style=\"flex-basis:25%\"><\/div>\n<\/div>\n\n\n\n<p class=\"has-medium-font-size\"><strong>Instructora: Angie Saravia Gigante<\/strong><\/p>\n\n\n\n<div class=\"wp-block-columns is-layout-flex wp-container-core-columns-is-layout-8 wp-block-columns-is-layout-flex\">\n<div class=\"wp-block-column is-layout-flow wp-block-column-is-layout-flow\" style=\"flex-basis:33.33%\"><div class=\"wp-block-image\">\n<figure class=\"aligncenter size-full is-resized\"><a href=\"https:\/\/alfabetovisual.com\/wp-content\/uploads\/2024\/12\/Instructora-Angie-Saravia-3.png\" data-rel=\"lightbox-image-9\" data-rl_title=\"\" data-rl_caption=\"\" title=\"\"><img loading=\"lazy\" decoding=\"async\" width=\"400\" height=\"400\" src=\"https:\/\/alfabetovisual.com\/wp-content\/uploads\/2024\/12\/Instructora-Angie-Saravia-3.png\" alt=\"\" class=\"wp-image-5345\" style=\"width:159px;height:auto\" srcset=\"https:\/\/alfabetovisual.com\/wp-content\/uploads\/2024\/12\/Instructora-Angie-Saravia-3.png 400w, https:\/\/alfabetovisual.com\/wp-content\/uploads\/2024\/12\/Instructora-Angie-Saravia-3-300x300.png 300w, https:\/\/alfabetovisual.com\/wp-content\/uploads\/2024\/12\/Instructora-Angie-Saravia-3-150x150.png 150w, https:\/\/alfabetovisual.com\/wp-content\/uploads\/2024\/12\/Instructora-Angie-Saravia-3-12x12.png 12w, https:\/\/alfabetovisual.com\/wp-content\/uploads\/2024\/12\/Instructora-Angie-Saravia-3-160x160.png 160w\" sizes=\"(max-width: 400px) 100vw, 400px\" \/><\/a><\/figure><\/div><\/div>\n\n\n\n<div class=\"wp-block-column is-layout-flow wp-block-column-is-layout-flow\" style=\"flex-basis:66.66%\">\n<p style=\"font-style:normal;font-weight:500\">+ Co creadora de <a href=\"https:\/\/bit.ly\/4gTyWNL\" target=\"_blank\" rel=\"noopener\" title=\"cuantoestaeldolar.pe\">cuantoestaeldolar.pe<\/a><br>+ Creadora de <a href=\"https:\/\/bit.ly\/3ky5wJs\" target=\"_blank\" rel=\"noopener\" title=\"Alfabeto Visual\">Alfabeto Visual<\/a><br>+ Licenciada en Gesti\u00f3n de Dise\u00f1o gr\u00e1fico<br>+ Educadora y mentora con 10 a\u00f1os de experiencia<br>+ M\u00e1s de 7 a\u00f1os de experiencia con prototipos en Figma<br>+ <a href=\"https:\/\/bit.ly\/3DzN8x1\" target=\"_blank\" rel=\"noopener\" title=\"linkedin.com\/in\/angelinepe\/\">linkedin.com\/in\/angelinepe\/<\/a><\/p>\n<\/div>\n<\/div>\n\n\n\n<p class=\"has-medium-font-size\"><strong>Instructora: Tatiana Alvarez<\/strong><\/p>\n\n\n\n<div class=\"wp-block-columns is-layout-flex wp-container-core-columns-is-layout-9 wp-block-columns-is-layout-flex\">\n<div class=\"wp-block-column is-layout-flow wp-block-column-is-layout-flow\" style=\"flex-basis:33.33%\"><div class=\"wp-block-image\">\n<figure class=\"aligncenter size-full is-resized\"><a href=\"https:\/\/alfabetovisual.com\/wp-content\/uploads\/2025\/07\/Mask-group.png\" data-rel=\"lightbox-image-10\" data-rl_title=\"\" data-rl_caption=\"\" title=\"\"><img loading=\"lazy\" decoding=\"async\" width=\"2231\" height=\"2289\" src=\"https:\/\/alfabetovisual.com\/wp-content\/uploads\/2025\/07\/Mask-group.png\" alt=\"\" class=\"wp-image-5576\" style=\"width:170px;height:auto\" srcset=\"https:\/\/alfabetovisual.com\/wp-content\/uploads\/2025\/07\/Mask-group.png 2231w, https:\/\/alfabetovisual.com\/wp-content\/uploads\/2025\/07\/Mask-group-292x300.png 292w, https:\/\/alfabetovisual.com\/wp-content\/uploads\/2025\/07\/Mask-group-998x1024.png 998w, https:\/\/alfabetovisual.com\/wp-content\/uploads\/2025\/07\/Mask-group-768x788.png 768w, https:\/\/alfabetovisual.com\/wp-content\/uploads\/2025\/07\/Mask-group-1497x1536.png 1497w, https:\/\/alfabetovisual.com\/wp-content\/uploads\/2025\/07\/Mask-group-1996x2048.png 1996w, https:\/\/alfabetovisual.com\/wp-content\/uploads\/2025\/07\/Mask-group-12x12.png 12w, https:\/\/alfabetovisual.com\/wp-content\/uploads\/2025\/07\/Mask-group-1100x1129.png 1100w, https:\/\/alfabetovisual.com\/wp-content\/uploads\/2025\/07\/Mask-group-550x564.png 550w, https:\/\/alfabetovisual.com\/wp-content\/uploads\/2025\/07\/Mask-group-160x164.png 160w\" sizes=\"(max-width: 2231px) 100vw, 2231px\" \/><\/a><\/figure><\/div><\/div>\n\n\n\n<div class=\"wp-block-column is-layout-flow wp-block-column-is-layout-flow\" style=\"flex-basis:66.66%\">\n<p style=\"font-style:normal;font-weight:500\">+ Dise\u00f1adora gr\u00e1fica senior en <a href=\"https:\/\/bit.ly\/3ky5wJs\" target=\"_blank\" rel=\"noopener\" title=\"Alfabeto Visual\">Alfabeto Visual<\/a><br>+ Experiencia en dise\u00f1o web, branding y motion graphics<br>+ Master en Dise\u00f1o gr\u00e1fico en Madrid-Espa\u00f1a<br>+ <a href=\"https:\/\/www.linkedin.com\/in\/tatialvarez97\/\" target=\"_blank\" rel=\"noopener\" title=\"https:\/\/www.linkedin.com\/in\/tatialvarez97\/\">linkedin.com\/in\/tatialvarez97\/<\/a><\/p>\n<\/div>\n<\/div>\n\n\n\n<p>\u00a1Esperamos verte pronto y trabajar juntos en tus ideas!<\/p>\n\n\n\n<div class=\"wp-block-columns are-vertically-aligned-top is-layout-flex wp-container-core-columns-is-layout-10 wp-block-columns-is-layout-flex\">\n<div class=\"wp-block-column is-vertically-aligned-top is-layout-flow wp-block-column-is-layout-flow\">\n<p><\/p>\n<\/div>\n<\/div>\n\n\n\n<p><\/p>\n\n\n\n<p><\/p>","protected":false},"excerpt":{"rendered":"<p>MODALIDAD VIRTUAL Bienvenidos al Taller de Figma, donde aprenderemos a transformar ideas en realidades tangibles a trav\u00e9s del dise\u00f1o de prototipos de productos digitales. Este taller est\u00e1 dise\u00f1ado para todos aquellos interesados en el mundo del dise\u00f1o, ya sean principiantes o con algo de experiencia, que deseen adquirir habilidades pr\u00e1cticas en el uso de Figma, [&hellip;]<\/p>\n<a class=\"read-more-link\" href=\" https:\/\/alfabetovisual.com\/en\/figma\/ \">Read more<\/a>","protected":false},"author":2,"featured_media":5373,"parent":0,"menu_order":0,"comment_status":"closed","ping_status":"closed","template":"","meta":{"content-type":"","om_disable_all_campaigns":false,"_monsterinsights_skip_tracking":false,"_monsterinsights_sitenote_active":false,"_monsterinsights_sitenote_note":"","_monsterinsights_sitenote_category":0,"footnotes":""},"aioseo_notices":[],"_links":{"self":[{"href":"https:\/\/alfabetovisual.com\/en\/wp-json\/wp\/v2\/pages\/5288"}],"collection":[{"href":"https:\/\/alfabetovisual.com\/en\/wp-json\/wp\/v2\/pages"}],"about":[{"href":"https:\/\/alfabetovisual.com\/en\/wp-json\/wp\/v2\/types\/page"}],"author":[{"embeddable":true,"href":"https:\/\/alfabetovisual.com\/en\/wp-json\/wp\/v2\/users\/2"}],"replies":[{"embeddable":true,"href":"https:\/\/alfabetovisual.com\/en\/wp-json\/wp\/v2\/comments?post=5288"}],"version-history":[{"count":62,"href":"https:\/\/alfabetovisual.com\/en\/wp-json\/wp\/v2\/pages\/5288\/revisions"}],"predecessor-version":[{"id":5657,"href":"https:\/\/alfabetovisual.com\/en\/wp-json\/wp\/v2\/pages\/5288\/revisions\/5657"}],"wp:featuredmedia":[{"embeddable":true,"href":"https:\/\/alfabetovisual.com\/en\/wp-json\/wp\/v2\/media\/5373"}],"wp:attachment":[{"href":"https:\/\/alfabetovisual.com\/en\/wp-json\/wp\/v2\/media?parent=5288"}],"curies":[{"name":"wp","href":"https:\/\/api.w.org\/{rel}","templated":true}]}}